{"id":1940,"date":"2024-02-17T20:03:46","date_gmt":"2024-02-17T20:03:46","guid":{"rendered":"https:\/\/cridamconsult.com\/?page_id=1940"},"modified":"2024-02-17T20:11:41","modified_gmt":"2024-02-17T20:11:41","slug":"caere","status":"publish","type":"page","link":"https:\/\/cridamconsult.com\/index.php\/caere\/","title":{"rendered":"CAERE"},"content":{"rendered":"\t\t<div data-elementor-type=\"wp-page\" data-elementor-id=\"1940\" class=\"elementor elementor-1940\">\n\t\t\t\t<div class=\"elementor-element elementor-element-49e2877 e-flex e-con-boxed e-con e-parent\" data-id=\"49e2877\" data-element_type=\"container\">\n\t\t\t\t\t<div class=\"e-con-inner\">\n\t\t\t\t<div class=\"elementor-element elementor-element-048bbcb elementor-widget elementor-widget-heading\" data-id=\"048bbcb\" data-element_type=\"widget\" data-widget_type=\"heading.default\">\n\t\t\t\t<div class=\"elementor-widget-container\">\n\t\t\t\t\t<h2 class=\"elementor-heading-title elementor-size-default\">CENTRE D\u2019ACCOMPAGNEMENT ET D\u2019ENCADREMENT DES RETRAITES ET RETRAITABLES, CAERE.<\/h2>\t\t\t\t<\/div>\n\t\t\t\t<\/div>\n\t\t\t\t\t<\/div>\n\t\t\t\t<\/div>\n\t\t<div class=\"elementor-element elementor-element-afa7c34 e-flex e-con-boxed e-con e-parent\" data-id=\"afa7c34\" data-element_type=\"container\">\n\t\t\t\t\t<div class=\"e-con-inner\">\n\t\t\t\t<div class=\"elementor-element elementor-element-a950441 elementor-widget elementor-widget-heading\" data-id=\"a950441\" data-element_type=\"widget\" data-widget_type=\"heading.default\">\n\t\t\t\t<div class=\"elementor-widget-container\">\n\t\t\t\t\t<h4 class=\"elementor-heading-title elementor-size-default\">I. CONTEXTE DE LA CREATION DU CENTRE<\/h4>\t\t\t\t<\/div>\n\t\t\t\t<\/div>\n\t\t\t\t\t<\/div>\n\t\t\t\t<\/div>\n\t\t<div class=\"elementor-element elementor-element-e21e5d8 e-flex e-con-boxed e-con e-parent\" data-id=\"e21e5d8\" data-element_type=\"container\">\n\t\t\t\t\t<div class=\"e-con-inner\">\n\t\t\t\t<div class=\"elementor-element elementor-element-b85a7ba elementor-widget elementor-widget-text-editor\" data-id=\"b85a7ba\" data-element_type=\"widget\" data-widget_type=\"text-editor.default\">\n\t\t\t\t<div class=\"elementor-widget-container\">\n\t\t\t\t\t\t\t\t\t<p>Vivre le plus longtemps possible tout en vieillissant le mieux possible constitue un enjeu soci\u00e9tal majeur qui r\u00e9pond aux objectifs du d\u00e9veloppement durable. Pour atteindre cet objectif, toutes les \u00e9tudes le prouvent, la pr\u00e9vention, tout au long de la retraite, joue un r\u00f4le d\u00e9terminant pour bien\u00a0<span style=\"text-align: var(--text-align); color: var(--total-content-text-color); font-family: var(--total-body-family, Poppins); font-size: var(--total-body-size, 17px); font-style: var(--total-body-style, normal); font-weight: var(--total-body-weight, 400); letter-spacing: var(--total-body-letter-spacing, 0); text-transform: var(--total-body-text-transform, none);\">vieillir.<\/span><\/p>\t\t\t\t\t\t\t\t<\/div>\n\t\t\t\t<\/div>\n\t\t\t\t\t<\/div>\n\t\t\t\t<\/div>\n\t\t<div class=\"elementor-element elementor-element-e01c7e6 e-flex e-con-boxed e-con e-parent\" data-id=\"e01c7e6\" data-element_type=\"container\">\n\t\t\t\t\t<div class=\"e-con-inner\">\n\t\t\t\t<div class=\"elementor-element elementor-element-c7d56a8 elementor-widget elementor-widget-text-editor\" data-id=\"c7d56a8\" data-element_type=\"widget\" data-widget_type=\"text-editor.default\">\n\t\t\t\t<div class=\"elementor-widget-container\">\n\t\t\t\t\t\t\t\t\t<p>En Afrique, comme en RD Congo, il a \u00e9t\u00e9 d\u00e9montr\u00e9 que les organismes gestionnaires de la s\u00e9curit\u00e9 sociale n\u2019arrivent pas \u00e0 lutter contre la pauvret\u00e9 et\u00a0<span style=\"text-align: var(--text-align); color: var(--total-content-text-color); font-family: var(--total-body-family, Poppins); font-size: var(--total-body-size, 17px); font-style: var(--total-body-style, normal); font-weight: var(--total-body-weight, 400); letter-spacing: var(--total-body-letter-spacing, 0); text-transform: var(--total-body-text-transform, none);\">l\u2019instabilit\u00e9 sociale des prestataires sociaux.<\/span><\/p>\t\t\t\t\t\t\t\t<\/div>\n\t\t\t\t<\/div>\n\t\t\t\t\t<\/div>\n\t\t\t\t<\/div>\n\t\t<div class=\"elementor-element elementor-element-f574638 e-flex e-con-boxed e-con e-parent\" data-id=\"f574638\" data-element_type=\"container\">\n\t\t\t\t\t<div class=\"e-con-inner\">\n\t\t\t\t<div class=\"elementor-element elementor-element-2a7f905 elementor-widget elementor-widget-text-editor\" data-id=\"2a7f905\" data-element_type=\"widget\" data-widget_type=\"text-editor.default\">\n\t\t\t\t<div class=\"elementor-widget-container\">\n\t\t\t\t\t\t\t\t\t<p>C\u2019est pourquoi, le Cabinet Conseil CRIDAMConsult, attentif aux retrait\u00e9s et retraitables qui pr\u00e9sentent des risques de fragilisation, s\u2019est propos\u00e9 de d\u00e9velopper une politique de pr\u00e9vention de l&rsquo;Assurance retraite reposant sur <span style=\"text-align: var(--text-align); color: var(--total-content-text-color); font-family: var(--total-body-family, Poppins); font-size: var(--total-body-size, 17px); font-style: var(--total-body-style, normal); font-weight: var(--total-body-weight, 400); letter-spacing: var(--total-body-letter-spacing, 0); text-transform: var(--total-body-text-transform, none);\">une approche globale des besoins des salari\u00e9s en fin de carri\u00e8re puis des <\/span>retrait\u00e9s, depuis la pr\u00e9paration de la retraite jusqu&rsquo;aux \u00e2ges les plus avanc\u00e9s.\u00a0Reposant sur une approche \u00ab S\u00e9curit\u00e9 sociale \u00bb, elle s&rsquo;appuie sur une expertise interbranche (retraite et maladie) et permet de couvrir l&rsquo;ensemble des champs\u00a0du bien vieillir, dans leur dimension sant\u00e9 mais aussi sociale.<\/p>\t\t\t\t\t\t\t\t<\/div>\n\t\t\t\t<\/div>\n\t\t\t\t<div class=\"elementor-element elementor-element-60f9d79 elementor-widget elementor-widget-text-editor\" data-id=\"60f9d79\" data-element_type=\"widget\" data-widget_type=\"text-editor.default\">\n\t\t\t\t<div class=\"elementor-widget-container\">\n\t\t\t\t\t\t\t\t\t<p>Pour y parvenir, le Conseil d\u2019administration de CRIDAMConsult,\u00a0 Cabinet Conseil en management et administration des affaires, se conformant \u00e0 son objet social, a mis en place un Centre sp\u00e9cialis\u00e9 d\u00e9nomm\u00e9 : \u2018\u2019Centre\u00a0 d\u2019Accompagnement et d\u2019Encadrement des Retrait\u00e9s et Retraitables\u2019\u2019,\u00a0<span style=\"text-align: var(--text-align);\">CAERE en sigle.<\/span>.<\/p>\t\t\t\t\t\t\t\t<\/div>\n\t\t\t\t<\/div>\n\t\t\t\t<div class=\"elementor-element elementor-element-e521abe elementor-widget elementor-widget-heading\" data-id=\"e521abe\" data-element_type=\"widget\" data-widget_type=\"heading.default\">\n\t\t\t\t<div class=\"elementor-widget-container\">\n\t\t\t\t\t<h4 class=\"elementor-heading-title elementor-size-default\">II. OBJECTIFS DE CAERE<\/h4>\t\t\t\t<\/div>\n\t\t\t\t<\/div>\n\t\t\t\t<div class=\"elementor-element elementor-element-78dc479 elementor-widget elementor-widget-heading\" data-id=\"78dc479\" data-element_type=\"widget\" data-widget_type=\"heading.default\">\n\t\t\t\t<div class=\"elementor-widget-container\">\n\t\t\t\t\t<h5 class=\"elementor-heading-title elementor-size-default\">1. OBJECTIFS GENERAUX<\/h5>\t\t\t\t<\/div>\n\t\t\t\t<\/div>\n\t\t\t\t<div class=\"elementor-element elementor-element-d4e83a4 elementor-widget elementor-widget-text-editor\" data-id=\"d4e83a4\" data-element_type=\"widget\" data-widget_type=\"text-editor.default\">\n\t\t\t\t<div class=\"elementor-widget-container\">\n\t\t\t\t\t\t\t\t\t<p>Lorem ipsum dolor sit amet, consectetur adipiscing elit. Ut elit tellus, luctus nec ullamcorper mattis, pulvinar dapibus leo.<\/p>\t\t\t\t\t\t\t\t<\/div>\n\t\t\t\t<\/div>\n\t\t\t\t<div class=\"elementor-element elementor-element-6270da8 elementor-widget elementor-widget-text-editor\" data-id=\"6270da8\" data-element_type=\"widget\" data-widget_type=\"text-editor.default\">\n\t\t\t\t<div class=\"elementor-widget-container\">\n\t\t\t\t\t\t\t\t\t<p>&#8211; Permettre \u00e0 la RD Congo d\u2019atteindre le d\u00e9veloppement durable dans les domaines de la pr\u00e9vention et s\u00e9curit\u00e9 sociale ; \u00a0<\/p><p>&#8211; D\u00e9velopper un ensemble d\u2019actions sociales ax\u00e9es sur la pr\u00e9vention de la\u00a0perte d\u2019autonomie des retrait\u00e9s et retraitables ;<\/p>\t\t\t\t\t\t\t\t<\/div>\n\t\t\t\t<\/div>\n\t\t\t\t<div class=\"elementor-element elementor-element-bd89fa9 elementor-widget elementor-widget-heading\" data-id=\"bd89fa9\" data-element_type=\"widget\" data-widget_type=\"heading.default\">\n\t\t\t\t<div class=\"elementor-widget-container\">\n\t\t\t\t\t<h5 class=\"elementor-heading-title elementor-size-default\">2. OBJECTIFS SPECIFIQUES<\/h5>\t\t\t\t<\/div>\n\t\t\t\t<\/div>\n\t\t\t\t<div class=\"elementor-element elementor-element-5c29e93 elementor-widget__width-auto elementor-widget elementor-widget-text-editor\" data-id=\"5c29e93\" data-element_type=\"widget\" data-widget_type=\"text-editor.default\">\n\t\t\t\t<div class=\"elementor-widget-container\">\n\t\t\t\t\t\t\t\t\t<p style=\"text-align: left;\">&#8211; Accompagner les travailleurs et agents publics retraitables dans la\u00a0pr\u00e9paration \u00e0 la retraite ;<\/p><p style=\"text-align: left;\">&#8211; Sensibiliser les retrait\u00e9s aux comportements de vie b\u00e9n\u00e9fique pour la\u00a0sant\u00e9 physique, mentale, psychosociale, alimentaire, l&rsquo;am\u00e9nagement du\u00a0logement ou le lien social ;<\/p><p style=\"text-align: left;\">&#8211; Informer et conseiller l&rsquo;ensemble des retrait\u00e9s dans la r\u00e9int\u00e9gration\u00a0 sociale ;<\/p><p style=\"text-align: left;\">&#8211; D\u00e9velopper les actions collectives de pr\u00e9vention et accompagner les\u00a0retrait\u00e9s plus fragiles dans la vie de la retraite ;<\/p><p style=\"text-align: left;\">&#8211; Initier \u00e0 l\u2019entreprenariat des retrait\u00e9s et retraitables;- Etablir un partenariat avec les acteurs r\u00e9gionaux, nationaux et locaux\u00a0qui contribuent au bien vieillir.<\/p>\t\t\t\t\t\t\t\t<\/div>\n\t\t\t\t<\/div>\n\t\t\t\t\t<\/div>\n\t\t\t\t<\/div>\n\t\t\t\t<\/div>\n\t\t","protected":false},"excerpt":{"rendered":"<p>CENTRE D\u2019ACCOMPAGNEMENT ET D\u2019ENCADREMENT DES RETRAITES ET RETRAITABLES, CAERE. I. CONTEXTE DE LA CREATION DU CENTRE Vivre le plus longtemps possible tout en vieillissant le mieux possible constitue un enjeu soci\u00e9tal majeur qui r\u00e9pond aux objectifs du d\u00e9veloppement durable. Pour atteindre cet objectif, toutes les \u00e9tudes le prouvent, la pr\u00e9vention, tout au long de la [&hellip;]<\/p>\n","protected":false},"author":1,"featured_media":0,"parent":0,"menu_order":0,"comment_status":"closed","ping_status":"closed","template":"","meta":{"footnotes":""},"_links":{"self":[{"href":"https:\/\/cridamconsult.com\/index.php\/wp-json\/wp\/v2\/pages\/1940"}],"collection":[{"href":"https:\/\/cridamconsult.com\/index.php\/wp-json\/wp\/v2\/pages"}],"about":[{"href":"https:\/\/cridamconsult.com\/index.php\/wp-json\/wp\/v2\/types\/page"}],"author":[{"embeddable":true,"href":"https:\/\/cridamconsult.com\/index.php\/wp-json\/wp\/v2\/users\/1"}],"replies":[{"embeddable":true,"href":"https:\/\/cridamconsult.com\/index.php\/wp-json\/wp\/v2\/comments?post=1940"}],"version-history":[{"count":6,"href":"https:\/\/cridamconsult.com\/index.php\/wp-json\/wp\/v2\/pages\/1940\/revisions"}],"predecessor-version":[{"id":1953,"href":"https:\/\/cridamconsult.com\/index.php\/wp-json\/wp\/v2\/pages\/1940\/revisions\/1953"}],"wp:attachment":[{"href":"https:\/\/cridamconsult.com\/index.php\/wp-json\/wp\/v2\/media?parent=1940"}],"curies":[{"name":"wp","href":"https:\/\/api.w.org\/{rel}","templated":true}]}}